{"id":1055,"date":"2019-10-21T21:15:12","date_gmt":"2019-10-22T00:15:12","guid":{"rendered":"https:\/\/ifdcpatquia-lrj.infd.edu.ar\/sitio\/?page_id=1055"},"modified":"2019-10-21T21:19:16","modified_gmt":"2019-10-22T00:19:16","slug":"postjornada-de-trabajo","status":"publish","type":"page","link":"https:\/\/ifdcpatquia-lrj.infd.edu.ar\/sitio\/postjornada-de-trabajo\/","title":{"rendered":"POSTJORNADA DE TRABAJO"},"content":{"rendered":"<h2><strong>INFORME<\/strong><\/h2>\n<p><strong>\u00a0\u00a0\u00a0\u00a0\u00a0\u00a0\u00a0\u00a0\u00a0\u00a0\u00a0\u00a0\u00a0\u00a0\u00a0\u00a0\u00a0\u00a0\u00a0\u00a0\u00a0\u00a0\u00a0\u00a0\u00a0\u00a0\u00a0\u00a0\u00a0\u00a0\u00a0\u00a0\u00a0\u00a0\u00a0\u00a0\u00a0\u00a0\u00a0\u00a0\u00a0\u00a0\u00a0\u00a0\u00a0\u00a0\u00a0\u00a0\u00a0\u00a0\u00a0\u00a0\u00a0\u00a0\u00a0\u00a0\u00a0\u00a0\u00a0\u00a0\u00a0\u00a0 <\/strong><\/p>\n<h3><strong>JORNADA<\/strong><\/h3>\n<h3><strong style=\"font-size: 16px;\">Fecha: 28\/03\/2019<\/strong><\/h3>\n<p><strong>Hora: 17 hs. A 21:00 Hs.\u00a0\u00a0\u00a0\u00a0\u00a0\u00a0\u00a0\u00a0\u00a0\u00a0\u00a0\u00a0\u00a0\u00a0 <\/strong><\/p>\n<h3>OBJETIVOS:<\/h3>\n<ul>\n<li><strong>SOCIALIZACI\u00d3N DEL PLAN DE TRABAJO INSTITUCIONAL 2019<\/strong><strong>\u00a0<\/strong><\/li>\n<li><strong>PROFUNDIZAR EL <\/strong><strong>EJE I: INMERSI\u00d3N EN LA PR\u00c1CTICA Y LA PREPARACI\u00d3N PARA LA ENSE\u00d1ANZA<\/strong><\/li>\n<li><strong>CONSTRUIR EN FORMA CONJUNTA, EL DISPOSITIVO DE TRABAJO DEL CORRIENTE A\u00d1O CON LA UTILIZACI\u00d3N DE ADM, A PARTIR DE LOS RESULTADOS DEL CURSO DE INGRESO.<\/strong><\/li>\n<\/ul>\n<h3><strong>Primer momento: <\/strong><\/h3>\n<p>Se realiz\u00f3 la agenda de acuerdo a lo previsto:<\/p>\n<p>Palabras de bienvenida y presentaci\u00f3n general de la Primera Jornada, a cargo de la Directora Lic. Rosal\u00eda Luna.<\/p>\n<p>Socializaci\u00f3n del Plan de Trabajo Institucional PTI 2019 y presentaci\u00f3n de metodolog\u00eda de trabajo de la jornada a cargo del jefe de Formaci\u00f3n Inicial, Prof. Paulo Mart\u00ednez Vega<\/p>\n<p>Conformaci\u00f3n de los grupos de trabajo en funci\u00f3n Del eje planteado<\/p>\n<h3><strong>Para estudiantes<\/strong><\/h3>\n<p>Se present\u00f3 de un video el cual sirvi\u00f3 como disparador para que los alumnos comprendan la importancia que tiene la pr\u00e1ctica en la formaci\u00f3n docente.<\/p>\n<blockquote><p>\u00bfQue aporte nos brinda la bibliograf\u00eda? \u00bfQue deber\u00edan tener en cuenta para sus futuras practicas seg\u00fan este aporte??<\/p><\/blockquote>\n<p>Las respuestas ser\u00e1n registradas en un afiche<\/p>\n<p>&nbsp;<\/p>\n<h3><strong>Para docentes<\/strong><\/h3>\n<p>Teniendo en cuenta el eje \u201cinmersi\u00f3n en la pr\u00e1ctica y la preparaci\u00f3n para la ense\u00f1anza\u201d, se solicit\u00f3 a cada docente, que exprese (en una ficha) su conceptualizaci\u00f3n de la misma. \u00a0Anexo I<\/p>\n<p>Continuando con las actividades y con el objetivo de promover la articulaci\u00f3n entre pr\u00e1ctica y los campos disciplinares como lo indicaba el material enviado. A lo largo de la jornada se socializaron conocimientos del Manejo de los ADM con el prop\u00f3sito de simular de una clase a trav\u00e9s del ADM, para lo que se program\u00f3 un dispositivo de trabajo en base a una agenda estableciendo:<\/p>\n<ul>\n<li>Selecci\u00f3n de contenidos para trabajar<\/li>\n<li>Fecha estipulada y horario<\/li>\n<li>Espacio curricular<\/li>\n<li>A\u00f1o de clase destinada (para el a\u00f1o que se est\u00e1 formando, de acuerdo al dise\u00f1o curricular N.P.)<\/li>\n<\/ul>\n<p><strong>\u00a0\u00a0\u00a0\u00a0\u00a0\u00a0\u00a0\u00a0\u00a0\u00a0\u00a0\u00a0\u00a0\u00a0\u00a0\u00a0\u00a0\u00a0\u00a0\u00a0\u00a0\u00a0\u00a0\u00a0\u00a0\u00a0\u00a0\u00a0\u00a0\u00a0\u00a0\u00a0\u00a0\u00a0\u00a0\u00a0\u00a0 \u00a0\u00a0\u00a0\u00a0\u00a0\u00a0\u00a0\u00a0\u00a0\u00a0\u00a0\u00a0\u00a0\u00a0\u00a0\u00a0\u00a0\u00a0\u00a0\u00a0\u00a0\u00a0\u00a0<\/strong><\/p>\n<table>\n<tbody>\n<tr>\n<td width=\"199\"><strong>EQUIPO DE DOCENTE<\/strong><\/td>\n<td width=\"200\"><strong>ESPACIOS <\/strong><\/td>\n<td width=\"200\"><strong>FECHA ESTIPULADA Y HORARIO<\/strong><\/td>\n<\/tr>\n<tr>\n<td width=\"199\">CARLOS CISNEROS<\/td>\n<td width=\"200\"><\/td>\n<td width=\"200\"><\/td>\n<\/tr>\n<tr>\n<td width=\"199\">CRISTINA ULIARTE<\/td>\n<td width=\"200\"><\/td>\n<td width=\"200\"><\/td>\n<\/tr>\n<tr>\n<td width=\"199\">CINTHIA DIAZ<\/td>\n<td width=\"200\"><\/td>\n<td width=\"200\"><\/td>\n<\/tr>\n<tr>\n<td width=\"199\">ANA ARRIETA<\/td>\n<td width=\"200\"><\/td>\n<td width=\"200\"><\/td>\n<\/tr>\n<\/tbody>\n<\/table>\n<p>&nbsp;<\/p>\n<p>&nbsp;<\/p>\n<table>\n<tbody>\n<tr>\n<td width=\"199\"><strong>EQUIPO DE DOCENTE<\/strong><\/td>\n<td width=\"200\"><strong>ESPACIOS <\/strong><\/td>\n<td width=\"200\"><strong>FECHA ESTIPULADA Y HORARIO<\/strong><\/td>\n<\/tr>\n<tr>\n<td width=\"199\">CABRERA JOS\u00c9<\/td>\n<td width=\"200\">MATEM\u00c1TICA<\/td>\n<td width=\"200\"><\/td>\n<\/tr>\n<tr>\n<td width=\"199\">CABRERA RUB\u00c9N<\/td>\n<td width=\"200\"><\/td>\n<td width=\"200\"><\/td>\n<\/tr>\n<tr>\n<td width=\"199\">FARIAS SEBASTIAN<\/td>\n<td width=\"200\"><\/td>\n<td width=\"200\"><\/td>\n<\/tr>\n<tr>\n<td width=\"199\">MIRANDA RITA<\/td>\n<td width=\"200\"><\/td>\n<td width=\"200\"><\/td>\n<\/tr>\n<\/tbody>\n<\/table>\n<p>&nbsp;<\/p>\n<table>\n<tbody>\n<tr>\n<td width=\"199\"><strong>EQUIPO DE DOCENTE<\/strong><\/td>\n<td width=\"200\"><strong>ESPACIOS <\/strong><\/td>\n<td width=\"200\"><strong>FECHA ESTIPULADA Y HORARIO<\/strong><\/td>\n<\/tr>\n<tr>\n<td width=\"199\"><\/td>\n<td width=\"200\"><\/td>\n<td width=\"200\"><\/td>\n<\/tr>\n<tr>\n<td width=\"199\"><\/td>\n<td width=\"200\"><\/td>\n<td width=\"200\"><\/td>\n<\/tr>\n<tr>\n<td width=\"199\"><\/td>\n<td width=\"200\"><\/td>\n<td width=\"200\"><\/td>\n<\/tr>\n<tr>\n<td width=\"199\"><\/td>\n<td width=\"200\"><\/td>\n<td width=\"200\"><\/td>\n<\/tr>\n<\/tbody>\n<\/table>\n<h2><strong>Cierre de la Jornada<\/strong><\/h2>\n<p>De manera conjunta alumnos y docentes socializaron lo trabajado y conceptualizar lo que significa la inmersi\u00f3n en la pr\u00e1ctica y la preparaci\u00f3n para la ense\u00f1anza.<\/p>\n<p>&nbsp;<\/p>\n<p>ANEXO I<\/p>\n<p><img decoding=\"async\" loading=\"lazy\" class=\"aligncenter size-medium wp-image-1057\" src=\"https:\/\/ifdcpatquia-lrj.infd.edu.ar\/sitio\/wp-content\/uploads\/2019\/10\/2.png\" alt=\"\" width=\"224\" height=\"175\" \/> <img decoding=\"async\" loading=\"lazy\" class=\"aligncenter size-medium wp-image-1058\" src=\"https:\/\/ifdcpatquia-lrj.infd.edu.ar\/sitio\/wp-content\/uploads\/2019\/10\/3.png\" alt=\"\" width=\"252\" height=\"175\" \/> <img decoding=\"async\" loading=\"lazy\" class=\"aligncenter size-medium wp-image-1059\" src=\"https:\/\/ifdcpatquia-lrj.infd.edu.ar\/sitio\/wp-content\/uploads\/2019\/10\/4.png\" alt=\"\" width=\"240\" height=\"167\" \/> <img decoding=\"async\" loading=\"lazy\" class=\"aligncenter size-medium wp-image-1060\" src=\"https:\/\/ifdcpatquia-lrj.infd.edu.ar\/sitio\/wp-content\/uploads\/2019\/10\/5.png\" alt=\"\" width=\"262\" height=\"188\" \/> <img decoding=\"async\" loading=\"lazy\" class=\"aligncenter size-medium wp-image-1061\" src=\"https:\/\/ifdcpatquia-lrj.infd.edu.ar\/sitio\/wp-content\/uploads\/2019\/10\/6.png\" alt=\"\" width=\"262\" height=\"188\" \/> <img decoding=\"async\" loading=\"lazy\" class=\"aligncenter size-medium wp-image-1062\" src=\"https:\/\/ifdcpatquia-lrj.infd.edu.ar\/sitio\/wp-content\/uploads\/2019\/10\/7.png\" alt=\"\" width=\"283\" height=\"199\" \/> <img decoding=\"async\" loading=\"lazy\" class=\"aligncenter size-medium wp-image-1063\" src=\"https:\/\/ifdcpatquia-lrj.infd.edu.ar\/sitio\/wp-content\/uploads\/2019\/10\/8.png\" alt=\"\" width=\"327\" height=\"199\" \/> <img decoding=\"async\" loading=\"lazy\" class=\"aligncenter size-medium wp-image-1064\" src=\"https:\/\/ifdcpatquia-lrj.infd.edu.ar\/sitio\/wp-content\/uploads\/2019\/10\/9.png\" alt=\"\" width=\"327\" height=\"199\" \/> <img decoding=\"async\" loading=\"lazy\" class=\"aligncenter size-full wp-image-1065\" src=\"https:\/\/ifdcpatquia-lrj.infd.edu.ar\/sitio\/wp-content\/uploads\/2019\/10\/10.png\" alt=\"\" width=\"327\" height=\"199\" \/><\/p>\n<p>ANEXO II<\/p>\n<p><img decoding=\"async\" loading=\"lazy\" class=\"aligncenter size-full wp-image-1067\" src=\"https:\/\/ifdcpatquia-lrj.infd.edu.ar\/sitio\/wp-content\/uploads\/2019\/10\/12.png\" alt=\"\" width=\"408\" height=\"318\" \/> <img decoding=\"async\" loading=\"lazy\" class=\"aligncenter size-full wp-image-1068\" src=\"https:\/\/ifdcpatquia-lrj.infd.edu.ar\/sitio\/wp-content\/uploads\/2019\/10\/13.png\" alt=\"\" width=\"408\" height=\"331\" \/> <img decoding=\"async\" loading=\"lazy\" class=\"aligncenter size-full wp-image-1066\" src=\"https:\/\/ifdcpatquia-lrj.infd.edu.ar\/sitio\/wp-content\/uploads\/2019\/10\/11.png\" alt=\"\" width=\"443\" height=\"643\" \/><\/p>\n<h3>Concepci\u00f3n de pr\u00e1ctica de ense\u00f1anza formada por estudiantes y docentes del ISFD Alberto Cavero<\/h3>\n<p>La Pr\u00e1ctica de la Ense\u00f1anza es una actividad intencional del docente, con una mirada multidisciplinar que necesita preparaci\u00f3n, reflexi\u00f3n, an\u00e1lisis y dominio del contenido atravesada por pol\u00edticas educativas teniendo en cuenta el contexto sociocultural con el fin de construir el conocimiento.<\/p>\n","protected":false},"excerpt":{"rendered":"<p>INFORME \u00a0\u00a0\u00a0\u00a0\u00a0\u00a0\u00a0\u00a0\u00a0\u00a0\u00a0\u00a0\u00a0\u00a0\u00a0\u00a0\u00a0\u00a0\u00a0\u00a0\u00a0\u00a0\u00a0\u00a0\u00a0\u00a0\u00a0\u00a0\u00a0\u00a0\u00a0\u00a0\u00a0\u00a0\u00a0\u00a0\u00a0\u00a0\u00a0\u00a0\u00a0\u00a0\u00a0\u00a0\u00a0\u00a0\u00a0\u00a0\u00a0\u00a0\u00a0\u00a0\u00a0\u00a0\u00a0\u00a0\u00a0\u00a0\u00a0\u00a0\u00a0\u00a0 JORNADA Fecha: 28\/03\/2019 Hora: 17 hs. A 21:00 Hs.\u00a0\u00a0\u00a0\u00a0\u00a0\u00a0\u00a0\u00a0\u00a0\u00a0\u00a0\u00a0\u00a0\u00a0 OBJETIVOS: SOCIALIZACI\u00d3N DEL PLAN DE TRABAJO INSTITUCIONAL 2019\u00a0 PROFUNDIZAR EL EJE I: INMERSI\u00d3N EN LA PR\u00c1CTICA Y LA PREPARACI\u00d3N PARA LA ENSE\u00d1ANZA CONSTRUIR EN FORMA CONJUNTA, EL DISPOSITIVO DE TRABAJO DEL CORRIENTE A\u00d1O CON LA UTILIZACI\u00d3N DE ADM, A PARTIR DE LOS RESULTADOS DEL &#8230; <a title=\"POSTJORNADA DE TRABAJO\" class=\"read-more\" href=\"https:\/\/ifdcpatquia-lrj.infd.edu.ar\/sitio\/postjornada-de-trabajo\/\" aria-label=\"More on POSTJORNADA DE TRABAJO\">[+]<\/a><\/p>\n","protected":false},"author":125,"featured_media":0,"parent":0,"menu_order":0,"comment_status":"closed","ping_status":"closed","template":"","meta":[],"acf":[],"_links":{"self":[{"href":"https:\/\/ifdcpatquia-lrj.infd.edu.ar\/sitio\/wp-json\/wp\/v2\/pages\/1055"}],"collection":[{"href":"https:\/\/ifdcpatquia-lrj.infd.edu.ar\/sitio\/wp-json\/wp\/v2\/pages"}],"about":[{"href":"https:\/\/ifdcpatquia-lrj.infd.edu.ar\/sitio\/wp-json\/wp\/v2\/types\/page"}],"author":[{"embeddable":true,"href":"https:\/\/ifdcpatquia-lrj.infd.edu.ar\/sitio\/wp-json\/wp\/v2\/users\/125"}],"replies":[{"embeddable":true,"href":"https:\/\/ifdcpatquia-lrj.infd.edu.ar\/sitio\/wp-json\/wp\/v2\/comments?post=1055"}],"version-history":[{"count":2,"href":"https:\/\/ifdcpatquia-lrj.infd.edu.ar\/sitio\/wp-json\/wp\/v2\/pages\/1055\/revisions"}],"predecessor-version":[{"id":1072,"href":"https:\/\/ifdcpatquia-lrj.infd.edu.ar\/sitio\/wp-json\/wp\/v2\/pages\/1055\/revisions\/1072"}],"wp:attachment":[{"href":"https:\/\/ifdcpatquia-lrj.infd.edu.ar\/sitio\/wp-json\/wp\/v2\/media?parent=1055"}],"curies":[{"name":"wp","href":"https:\/\/api.w.org\/{rel}","templated":true}]}}